{"id":197,"date":"2025-01-02T14:54:18","date_gmt":"2025-01-02T13:54:18","guid":{"rendered":"https:\/\/durak-peinture.fr\/?page_id=197"},"modified":"2025-01-02T15:10:29","modified_gmt":"2025-01-02T14:10:29","slug":"labelisation-artisain","status":"publish","type":"page","link":"https:\/\/durak-peinture.fr\/index.php\/labelisation-artisain\/","title":{"rendered":"Lab\u00e9lisation Arti&rsquo;sain"},"content":{"rendered":"\t\t<div data-elementor-type=\"wp-page\" data-elementor-id=\"197\" class=\"elementor elementor-197\">\n\t\t\t\t\t\t<section class=\"elementor-section elementor-top-section elementor-element elementor-element-facc6a4 elementor-section-boxed elementor-section-height-default elementor-section-height-default\" data-id=\"facc6a4\" data-element_type=\"section\">\n\t\t\t\t\t\t<div class=\"elementor-container elementor-column-gap-default\">\n\t\t\t\t\t<div class=\"elementor-column elementor-col-100 elementor-top-column elementor-element elementor-element-3f02f94\" data-id=\"3f02f94\" data-element_type=\"column\">\n\t\t\t<div class=\"elementor-widget-wrap elementor-element-populated\">\n\t\t\t\t\t\t<div class=\"elementor-element elementor-element-dc8c956 elementor-widget elementor-widget-heading\" data-id=\"dc8c956\" data-element_type=\"widget\" data-widget_type=\"heading.default\">\n\t\t\t\t<div class=\"elementor-widget-container\">\n\t\t\t\t\t<h2 class=\"elementor-heading-title elementor-size-default\">Mon engagement avec le label ARTI\u2019SAIN<\/h2>\t\t\t\t<\/div>\n\t\t\t\t<\/div>\n\t\t\t\t\t<\/div>\n\t\t<\/div>\n\t\t\t\t\t<\/div>\n\t\t<\/section>\n\t\t\t\t<section class=\"elementor-section elementor-top-section elementor-element elementor-element-b8662f2 elementor-section-full_width elementor-section-height-default elementor-section-height-default\" data-id=\"b8662f2\" data-element_type=\"section\">\n\t\t\t\t\t\t<div class=\"elementor-container elementor-column-gap-default\">\n\t\t\t\t\t<div class=\"elementor-column elementor-col-100 elementor-top-column elementor-element elementor-element-0f8110d\" data-id=\"0f8110d\" data-element_type=\"column\">\n\t\t\t<div class=\"elementor-widget-wrap elementor-element-populated\">\n\t\t\t\t\t\t<div class=\"elementor-element elementor-element-f4a3496 elementor-widget elementor-widget-text-editor\" data-id=\"f4a3496\" data-element_type=\"widget\" data-widget_type=\"text-editor.default\">\n\t\t\t\t<div class=\"elementor-widget-container\">\n\t\t\t\t\t\t\t\t\t<p>En tant qu\u2019artisan peintre, la sant\u00e9 de mes clients et le respect de l\u2019environnement sont au c\u0153ur de mes priorit\u00e9s. C\u2019est pourquoi j\u2019ai choisi de m\u2019engager avec le <strong>label ARTI\u2019SAIN<\/strong>, le <strong>premier label en sant\u00e9 environnementale d\u00e9di\u00e9 aux artisans<\/strong>. Ce label atteste de ma d\u00e9marche active pour utiliser des produits sains et des techniques respectueuses de votre bien-\u00eatre et de la plan\u00e8te.<br><\/p>\t\t\t\t\t\t\t\t<\/div>\n\t\t\t\t<\/div>\n\t\t\t\t\t<\/div>\n\t\t<\/div>\n\t\t\t\t\t<\/div>\n\t\t<\/section>\n\t\t\t\t<section class=\"elementor-section elementor-top-section elementor-element elementor-element-7964e9a elementor-section-boxed elementor-section-height-default elementor-section-height-default\" data-id=\"7964e9a\" data-element_type=\"section\">\n\t\t\t\t\t\t<div class=\"elementor-container elementor-column-gap-default\">\n\t\t\t\t\t<div class=\"elementor-column elementor-col-100 elementor-top-column elementor-element elementor-element-8b60675\" data-id=\"8b60675\" data-element_type=\"column\">\n\t\t\t<div class=\"elementor-widget-wrap elementor-element-populated\">\n\t\t\t\t\t\t<div class=\"elementor-element elementor-element-1ed1a11 elementor-widget-divider--view-line elementor-widget elementor-widget-divider\" data-id=\"1ed1a11\" data-element_type=\"widget\" data-widget_type=\"divider.default\">\n\t\t\t\t<div class=\"elementor-widget-container\">\n\t\t\t\t\t\t\t<div class=\"elementor-divider\">\n\t\t\t<span class=\"elementor-divider-separator\">\n\t\t\t\t\t\t<\/span>\n\t\t<\/div>\n\t\t\t\t\t\t<\/div>\n\t\t\t\t<\/div>\n\t\t\t\t\t<\/div>\n\t\t<\/div>\n\t\t\t\t\t<\/div>\n\t\t<\/section>\n\t\t\t\t<section class=\"elementor-section elementor-top-section elementor-element elementor-element-c421869 elementor-section-full_width elementor-section-height-default elementor-section-height-default\" data-id=\"c421869\" data-element_type=\"section\">\n\t\t\t\t\t\t<div class=\"elementor-container elementor-column-gap-default\">\n\t\t\t\t\t<div class=\"elementor-column elementor-col-50 elementor-top-column elementor-element elementor-element-9dd3c50\" data-id=\"9dd3c50\" data-element_type=\"column\">\n\t\t\t<div class=\"elementor-widget-wrap elementor-element-populated\">\n\t\t\t\t\t\t<div class=\"elementor-element elementor-element-8b4fee7 elementor-widget elementor-widget-heading\" data-id=\"8b4fee7\" data-element_type=\"widget\" data-widget_type=\"heading.default\">\n\t\t\t\t<div class=\"elementor-widget-container\">\n\t\t\t\t\t<h2 class=\"elementor-heading-title elementor-size-default\">Qu\u2019est-ce que le label ARTI\u2019SAIN ?<\/h2>\t\t\t\t<\/div>\n\t\t\t\t<\/div>\n\t\t\t\t<div class=\"elementor-element elementor-element-d41d9ca elementor-widget elementor-widget-text-editor\" data-id=\"d41d9ca\" data-element_type=\"widget\" data-widget_type=\"text-editor.default\">\n\t\t\t\t<div class=\"elementor-widget-container\">\n\t\t\t\t\t\t\t\t\t<p>Le label ARTI\u2019SAIN a \u00e9t\u00e9 con\u00e7u pour valoriser les artisans engag\u00e9s dans une approche plus saine et durable. Il certifie l\u2019utilisation de produits non polluants, respectueux de la sant\u00e9 humaine, et encourage des pratiques de travail qui minimisent l\u2019impact sur l\u2019environnement. Ce label est \u00e9galement port\u00e9 par des experts en sant\u00e9 et en r\u00e9novation, ce qui garantit sa cr\u00e9dibilit\u00e9 et sa fiabilit\u00e9.<\/p>\t\t\t\t\t\t\t\t<\/div>\n\t\t\t\t<\/div>\n\t\t\t\t\t<\/div>\n\t\t<\/div>\n\t\t\t\t<div class=\"elementor-column elementor-col-50 elementor-top-column elementor-element elementor-element-f1cfe4c\" data-id=\"f1cfe4c\" data-element_type=\"column\">\n\t\t\t<div class=\"elementor-widget-wrap elementor-element-populated\">\n\t\t\t\t\t\t<div class=\"elementor-element elementor-element-270545b elementor-widget elementor-widget-image\" data-id=\"270545b\" data-element_type=\"widget\" data-widget_type=\"image.default\">\n\t\t\t\t<div class=\"elementor-widget-container\">\n\t\t\t\t\t\t\t\t\t\t\t\t\t\t\t<img fetchpriority=\"high\" decoding=\"async\" width=\"300\" height=\"300\" src=\"https:\/\/durak-peinture.fr\/wp-content\/uploads\/2025\/01\/image_2025-01-02_145843962-300x300.png\" class=\"attachment-medium size-medium wp-image-203\" alt=\"\" srcset=\"https:\/\/durak-peinture.fr\/wp-content\/uploads\/2025\/01\/image_2025-01-02_145843962-300x300.png 300w, https:\/\/durak-peinture.fr\/wp-content\/uploads\/2025\/01\/image_2025-01-02_145843962-150x150.png 150w, https:\/\/durak-peinture.fr\/wp-content\/uploads\/2025\/01\/image_2025-01-02_145843962.png 510w\" sizes=\"(max-width: 300px) 100vw, 300px\" \/>\t\t\t\t\t\t\t\t\t\t\t\t\t\t\t<\/div>\n\t\t\t\t<\/div>\n\t\t\t\t\t<\/div>\n\t\t<\/div>\n\t\t\t\t\t<\/div>\n\t\t<\/section>\n\t\t\t\t<section class=\"elementor-section elementor-top-section elementor-element elementor-element-ab88d07 elementor-section-full_width elementor-section-height-default elementor-section-height-default\" data-id=\"ab88d07\" data-element_type=\"section\">\n\t\t\t\t\t\t<div class=\"elementor-container elementor-column-gap-default\">\n\t\t\t\t\t<div class=\"elementor-column elementor-col-50 elementor-top-column elementor-element elementor-element-ec6db2b\" data-id=\"ec6db2b\" data-element_type=\"column\">\n\t\t\t<div class=\"elementor-widget-wrap elementor-element-populated\">\n\t\t\t\t\t\t<div class=\"elementor-element elementor-element-fe530b7 elementor-widget elementor-widget-spacer\" data-id=\"fe530b7\" data-element_type=\"widget\" data-widget_type=\"spacer.default\">\n\t\t\t\t<div class=\"elementor-widget-container\">\n\t\t\t\t\t\t\t<div class=\"elementor-spacer\">\n\t\t\t<div class=\"elementor-spacer-inner\"><\/div>\n\t\t<\/div>\n\t\t\t\t\t\t<\/div>\n\t\t\t\t<\/div>\n\t\t\t\t<div class=\"elementor-element elementor-element-9d59a37 elementor-widget elementor-widget-image\" data-id=\"9d59a37\" data-element_type=\"widget\" data-widget_type=\"image.default\">\n\t\t\t\t<div class=\"elementor-widget-container\">\n\t\t\t\t\t\t\t\t\t\t\t\t\t\t\t<img decoding=\"async\" width=\"300\" height=\"300\" src=\"https:\/\/durak-peinture.fr\/wp-content\/uploads\/2025\/01\/image_2025-01-02_150148165-300x300.png\" class=\"attachment-medium size-medium wp-image-205\" alt=\"\" srcset=\"https:\/\/durak-peinture.fr\/wp-content\/uploads\/2025\/01\/image_2025-01-02_150148165-300x300.png 300w, https:\/\/durak-peinture.fr\/wp-content\/uploads\/2025\/01\/image_2025-01-02_150148165-150x150.png 150w, https:\/\/durak-peinture.fr\/wp-content\/uploads\/2025\/01\/image_2025-01-02_150148165-768x768.png 768w, https:\/\/durak-peinture.fr\/wp-content\/uploads\/2025\/01\/image_2025-01-02_150148165.png 800w\" sizes=\"(max-width: 300px) 100vw, 300px\" \/>\t\t\t\t\t\t\t\t\t\t\t\t\t\t\t<\/div>\n\t\t\t\t<\/div>\n\t\t\t\t\t<\/div>\n\t\t<\/div>\n\t\t\t\t<div class=\"elementor-column elementor-col-50 elementor-top-column elementor-element elementor-element-d0164ac\" data-id=\"d0164ac\" data-element_type=\"column\">\n\t\t\t<div class=\"elementor-widget-wrap elementor-element-populated\">\n\t\t\t\t\t\t<div class=\"elementor-element elementor-element-33eac26 elementor-widget elementor-widget-heading\" data-id=\"33eac26\" data-element_type=\"widget\" data-widget_type=\"heading.default\">\n\t\t\t\t<div class=\"elementor-widget-container\">\n\t\t\t\t\t<h2 class=\"elementor-heading-title elementor-size-default\">Mon engagement en tant que peintre labellis\u00e9<\/h2>\t\t\t\t<\/div>\n\t\t\t\t<\/div>\n\t\t\t\t<div class=\"elementor-element elementor-element-d96687d elementor-widget elementor-widget-text-editor\" data-id=\"d96687d\" data-element_type=\"widget\" data-widget_type=\"text-editor.default\">\n\t\t\t\t<div class=\"elementor-widget-container\">\n\t\t\t\t\t\t\t\t\t<p>En tant que professionnel labellis\u00e9 ARTI\u2019SAIN, voici comment cet engagement se traduit dans mon travail :<\/p><ul><li><strong>Utilisation de peintures \u00e9cologiques et sans polluants nocifs<\/strong>, pour garantir un air int\u00e9rieur plus sain dans votre habitat.<\/li><li><strong>S\u00e9lection de mat\u00e9riaux respectueux de l\u2019environnement<\/strong>, contribuant \u00e0 pr\u00e9server la plan\u00e8te pour les g\u00e9n\u00e9rations futures.<\/li><li><strong>Respect d\u2019un cahier des charges exigeant<\/strong>, pour assurer un haut niveau de qualit\u00e9 dans mes prestations.<\/li><li><strong>Conseil personnalis\u00e9<\/strong> : je vous accompagne dans vos choix pour des solutions durables et saines adapt\u00e9es \u00e0 vos besoins.<\/li><\/ul>\t\t\t\t\t\t\t\t<\/div>\n\t\t\t\t<\/div>\n\t\t\t\t\t<\/div>\n\t\t<\/div>\n\t\t\t\t\t<\/div>\n\t\t<\/section>\n\t\t\t\t<section class=\"elementor-section elementor-top-section elementor-element elementor-element-217a42e elementor-section-full_width elementor-section-height-default elementor-section-height-default\" data-id=\"217a42e\" data-element_type=\"section\" data-settings=\"{&quot;background_background&quot;:&quot;classic&quot;}\">\n\t\t\t\t\t\t<div class=\"elementor-container elementor-column-gap-default\">\n\t\t\t\t\t<div class=\"elementor-column elementor-col-100 elementor-top-column elementor-element elementor-element-888f631\" data-id=\"888f631\" data-element_type=\"column\">\n\t\t\t<div class=\"elementor-widget-wrap elementor-element-populated\">\n\t\t\t\t\t\t<div class=\"elementor-element elementor-element-f1792b8 elementor-widget elementor-widget-spacer\" data-id=\"f1792b8\" data-element_type=\"widget\" data-widget_type=\"spacer.default\">\n\t\t\t\t<div class=\"elementor-widget-container\">\n\t\t\t\t\t\t\t<div class=\"elementor-spacer\">\n\t\t\t<div class=\"elementor-spacer-inner\"><\/div>\n\t\t<\/div>\n\t\t\t\t\t\t<\/div>\n\t\t\t\t<\/div>\n\t\t\t\t<div class=\"elementor-element elementor-element-8341b8d elementor-widget elementor-widget-heading\" data-id=\"8341b8d\" data-element_type=\"widget\" data-widget_type=\"heading.default\">\n\t\t\t\t<div class=\"elementor-widget-container\">\n\t\t\t\t\t<h2 class=\"elementor-heading-title elementor-size-default\">Pourquoi choisir un artisan labellis\u00e9 ARTI\u2019SAIN ?<\/h2>\t\t\t\t<\/div>\n\t\t\t\t<\/div>\n\t\t\t\t<div class=\"elementor-element elementor-element-de4f123 elementor-widget elementor-widget-text-editor\" data-id=\"de4f123\" data-element_type=\"widget\" data-widget_type=\"text-editor.default\">\n\t\t\t\t<div class=\"elementor-widget-container\">\n\t\t\t\t\t\t\t\t\t<p>Faire appel \u00e0 un artisan labellis\u00e9 ARTI\u2019SAIN, c\u2019est opter pour :<\/p><ul><li>Une <strong>qualit\u00e9 de travail reconnue<\/strong>, valid\u00e9e par un label sanitaire de r\u00e9f\u00e9rence.<\/li><li>Un <strong>environnement plus sain<\/strong> pour votre famille, avec des peintures et mat\u00e9riaux sans substances toxiques.<\/li><li>Une contribution \u00e0 une d\u00e9marche <strong>\u00e9coresponsable<\/strong>, essentielle face aux d\u00e9fis environnementaux actuels.<\/li><\/ul><p>Mon travail ne se limite pas \u00e0 embellir vos murs : il s\u2019inscrit dans une vision plus globale o\u00f9 la sant\u00e9 et l\u2019environnement occupent une place centrale. Je suis fier de porter ce label et de contribuer, \u00e0 mon \u00e9chelle, \u00e0 un monde plus sain et durable.<\/p><p><strong>N\u2019h\u00e9sitez pas \u00e0 me contacter pour en savoir plus sur mon approche et mes services.<\/strong><\/p>\t\t\t\t\t\t\t\t<\/div>\n\t\t\t\t<\/div>\n\t\t\t\t\t<\/div>\n\t\t<\/div>\n\t\t\t\t\t<\/div>\n\t\t<\/section>\n\t\t\t\t<\/div>\n\t\t","protected":false},"excerpt":{"rendered":"<p>Mon engagement avec le label ARTI\u2019SAIN En tant qu\u2019artisan peintre, la sant\u00e9 de mes clients et le respect de l\u2019environnement sont au c\u0153ur de mes priorit\u00e9s. C\u2019est pourquoi j\u2019ai choisi de m\u2019engager avec le label ARTI\u2019SAIN, le premier label en sant\u00e9 environnementale d\u00e9di\u00e9 aux artisans. Ce label atteste de ma d\u00e9marche active pour utiliser des [&hellip;]<\/p>\n","protected":false},"author":1,"featured_media":0,"parent":0,"menu_order":0,"comment_status":"closed","ping_status":"closed","template":"","meta":{"saved_in_kubio":false,"footnotes":""},"class_list":["post-197","page","type-page","status-publish","hentry"],"kubio_ai_page_context":{"short_desc":"","purpose":"general"},"yoast_head":"<!-- This site is optimized with the Yoast SEO plugin v26.0 - https:\/\/yoast.com\/wordpress\/plugins\/seo\/ -->\n<title>Lab\u00e9lisation Arti&#039;sain - Durak Peinture<\/title>\n<meta name=\"robots\" content=\"index, follow, max-snippet:-1, max-image-preview:large, max-video-preview:-1\" \/>\n<link rel=\"canonical\" href=\"http:\/\/durak-peinture.fr\/index.php\/labelisation-artisain\/\" \/>\n<meta property=\"og:locale\" content=\"fr_FR\" \/>\n<meta property=\"og:type\" content=\"article\" \/>\n<meta property=\"og:title\" content=\"Lab\u00e9lisation Arti&#039;sain - Durak Peinture\" \/>\n<meta property=\"og:description\" content=\"Mon engagement avec le label ARTI\u2019SAIN En tant qu\u2019artisan peintre, la sant\u00e9 de mes clients et le respect de l\u2019environnement sont au c\u0153ur de mes priorit\u00e9s. C\u2019est pourquoi j\u2019ai choisi de m\u2019engager avec le label ARTI\u2019SAIN, le premier label en sant\u00e9 environnementale d\u00e9di\u00e9 aux artisans. Ce label atteste de ma d\u00e9marche active pour utiliser des [&hellip;]\" \/>\n<meta property=\"og:url\" content=\"http:\/\/durak-peinture.fr\/index.php\/labelisation-artisain\/\" \/>\n<meta property=\"og:site_name\" content=\"Durak Peinture\" \/>\n<meta property=\"article:modified_time\" content=\"2025-01-02T14:10:29+00:00\" \/>\n<meta property=\"og:image\" content=\"http:\/\/durak-peinture.fr\/wp-content\/uploads\/2025\/01\/image_2025-01-02_145843962-300x300.png\" \/>\n<meta name=\"twitter:card\" content=\"summary_large_image\" \/>\n<meta name=\"twitter:label1\" content=\"Dur\u00e9e de lecture estim\u00e9e\" \/>\n\t<meta name=\"twitter:data1\" content=\"2 minutes\" \/>\n<script type=\"application\/ld+json\" class=\"yoast-schema-graph\">{\"@context\":\"https:\/\/schema.org\",\"@graph\":[{\"@type\":\"WebPage\",\"@id\":\"http:\/\/durak-peinture.fr\/index.php\/labelisation-artisain\/\",\"url\":\"http:\/\/durak-peinture.fr\/index.php\/labelisation-artisain\/\",\"name\":\"Lab\u00e9lisation Arti'sain - Durak Peinture\",\"isPartOf\":{\"@id\":\"https:\/\/durak-peinture.fr\/#website\"},\"primaryImageOfPage\":{\"@id\":\"http:\/\/durak-peinture.fr\/index.php\/labelisation-artisain\/#primaryimage\"},\"image\":{\"@id\":\"http:\/\/durak-peinture.fr\/index.php\/labelisation-artisain\/#primaryimage\"},\"thumbnailUrl\":\"http:\/\/durak-peinture.fr\/wp-content\/uploads\/2025\/01\/image_2025-01-02_145843962-300x300.png\",\"datePublished\":\"2025-01-02T13:54:18+00:00\",\"dateModified\":\"2025-01-02T14:10:29+00:00\",\"breadcrumb\":{\"@id\":\"http:\/\/durak-peinture.fr\/index.php\/labelisation-artisain\/#breadcrumb\"},\"inLanguage\":\"fr-FR\",\"potentialAction\":[{\"@type\":\"ReadAction\",\"target\":[\"http:\/\/durak-peinture.fr\/index.php\/labelisation-artisain\/\"]}]},{\"@type\":\"ImageObject\",\"inLanguage\":\"fr-FR\",\"@id\":\"http:\/\/durak-peinture.fr\/index.php\/labelisation-artisain\/#primaryimage\",\"url\":\"https:\/\/durak-peinture.fr\/wp-content\/uploads\/2025\/01\/image_2025-01-02_145843962.png\",\"contentUrl\":\"https:\/\/durak-peinture.fr\/wp-content\/uploads\/2025\/01\/image_2025-01-02_145843962.png\",\"width\":510,\"height\":510},{\"@type\":\"BreadcrumbList\",\"@id\":\"http:\/\/durak-peinture.fr\/index.php\/labelisation-artisain\/#breadcrumb\",\"itemListElement\":[{\"@type\":\"ListItem\",\"position\":1,\"name\":\"Accueil\",\"item\":\"https:\/\/durak-peinture.fr\/\"},{\"@type\":\"ListItem\",\"position\":2,\"name\":\"Lab\u00e9lisation Arti&rsquo;sain\"}]},{\"@type\":\"WebSite\",\"@id\":\"https:\/\/durak-peinture.fr\/#website\",\"url\":\"https:\/\/durak-peinture.fr\/\",\"name\":\"Durak Peinture\",\"description\":\"\",\"publisher\":{\"@id\":\"https:\/\/durak-peinture.fr\/#organization\"},\"potentialAction\":[{\"@type\":\"SearchAction\",\"target\":{\"@type\":\"EntryPoint\",\"urlTemplate\":\"https:\/\/durak-peinture.fr\/?s={search_term_string}\"},\"query-input\":{\"@type\":\"PropertyValueSpecification\",\"valueRequired\":true,\"valueName\":\"search_term_string\"}}],\"inLanguage\":\"fr-FR\"},{\"@type\":\"Organization\",\"@id\":\"https:\/\/durak-peinture.fr\/#organization\",\"name\":\"Durak Peinture\",\"url\":\"https:\/\/durak-peinture.fr\/\",\"logo\":{\"@type\":\"ImageObject\",\"inLanguage\":\"fr-FR\",\"@id\":\"https:\/\/durak-peinture.fr\/#\/schema\/logo\/image\/\",\"url\":\"https:\/\/durak-peinture.fr\/wp-content\/uploads\/2024\/12\/LOGOWW-1-removebg-preview.png\",\"contentUrl\":\"https:\/\/durak-peinture.fr\/wp-content\/uploads\/2024\/12\/LOGOWW-1-removebg-preview.png\",\"width\":594,\"height\":420,\"caption\":\"Durak Peinture\"},\"image\":{\"@id\":\"https:\/\/durak-peinture.fr\/#\/schema\/logo\/image\/\"}}]}<\/script>\n<!-- \/ Yoast SEO plugin. -->","yoast_head_json":{"title":"Lab\u00e9lisation Arti'sain - Durak Peinture","robots":{"index":"index","follow":"follow","max-snippet":"max-snippet:-1","max-image-preview":"max-image-preview:large","max-video-preview":"max-video-preview:-1"},"canonical":"http:\/\/durak-peinture.fr\/index.php\/labelisation-artisain\/","og_locale":"fr_FR","og_type":"article","og_title":"Lab\u00e9lisation Arti'sain - Durak Peinture","og_description":"Mon engagement avec le label ARTI\u2019SAIN En tant qu\u2019artisan peintre, la sant\u00e9 de mes clients et le respect de l\u2019environnement sont au c\u0153ur de mes priorit\u00e9s. C\u2019est pourquoi j\u2019ai choisi de m\u2019engager avec le label ARTI\u2019SAIN, le premier label en sant\u00e9 environnementale d\u00e9di\u00e9 aux artisans. Ce label atteste de ma d\u00e9marche active pour utiliser des [&hellip;]","og_url":"http:\/\/durak-peinture.fr\/index.php\/labelisation-artisain\/","og_site_name":"Durak Peinture","article_modified_time":"2025-01-02T14:10:29+00:00","og_image":[{"url":"http:\/\/durak-peinture.fr\/wp-content\/uploads\/2025\/01\/image_2025-01-02_145843962-300x300.png","type":"","width":"","height":""}],"twitter_card":"summary_large_image","twitter_misc":{"Dur\u00e9e de lecture estim\u00e9e":"2 minutes"},"schema":{"@context":"https:\/\/schema.org","@graph":[{"@type":"WebPage","@id":"http:\/\/durak-peinture.fr\/index.php\/labelisation-artisain\/","url":"http:\/\/durak-peinture.fr\/index.php\/labelisation-artisain\/","name":"Lab\u00e9lisation Arti'sain - Durak Peinture","isPartOf":{"@id":"https:\/\/durak-peinture.fr\/#website"},"primaryImageOfPage":{"@id":"http:\/\/durak-peinture.fr\/index.php\/labelisation-artisain\/#primaryimage"},"image":{"@id":"http:\/\/durak-peinture.fr\/index.php\/labelisation-artisain\/#primaryimage"},"thumbnailUrl":"http:\/\/durak-peinture.fr\/wp-content\/uploads\/2025\/01\/image_2025-01-02_145843962-300x300.png","datePublished":"2025-01-02T13:54:18+00:00","dateModified":"2025-01-02T14:10:29+00:00","breadcrumb":{"@id":"http:\/\/durak-peinture.fr\/index.php\/labelisation-artisain\/#breadcrumb"},"inLanguage":"fr-FR","potentialAction":[{"@type":"ReadAction","target":["http:\/\/durak-peinture.fr\/index.php\/labelisation-artisain\/"]}]},{"@type":"ImageObject","inLanguage":"fr-FR","@id":"http:\/\/durak-peinture.fr\/index.php\/labelisation-artisain\/#primaryimage","url":"https:\/\/durak-peinture.fr\/wp-content\/uploads\/2025\/01\/image_2025-01-02_145843962.png","contentUrl":"https:\/\/durak-peinture.fr\/wp-content\/uploads\/2025\/01\/image_2025-01-02_145843962.png","width":510,"height":510},{"@type":"BreadcrumbList","@id":"http:\/\/durak-peinture.fr\/index.php\/labelisation-artisain\/#breadcrumb","itemListElement":[{"@type":"ListItem","position":1,"name":"Accueil","item":"https:\/\/durak-peinture.fr\/"},{"@type":"ListItem","position":2,"name":"Lab\u00e9lisation Arti&rsquo;sain"}]},{"@type":"WebSite","@id":"https:\/\/durak-peinture.fr\/#website","url":"https:\/\/durak-peinture.fr\/","name":"Durak Peinture","description":"","publisher":{"@id":"https:\/\/durak-peinture.fr\/#organization"},"potentialAction":[{"@type":"SearchAction","target":{"@type":"EntryPoint","urlTemplate":"https:\/\/durak-peinture.fr\/?s={search_term_string}"},"query-input":{"@type":"PropertyValueSpecification","valueRequired":true,"valueName":"search_term_string"}}],"inLanguage":"fr-FR"},{"@type":"Organization","@id":"https:\/\/durak-peinture.fr\/#organization","name":"Durak Peinture","url":"https:\/\/durak-peinture.fr\/","logo":{"@type":"ImageObject","inLanguage":"fr-FR","@id":"https:\/\/durak-peinture.fr\/#\/schema\/logo\/image\/","url":"https:\/\/durak-peinture.fr\/wp-content\/uploads\/2024\/12\/LOGOWW-1-removebg-preview.png","contentUrl":"https:\/\/durak-peinture.fr\/wp-content\/uploads\/2024\/12\/LOGOWW-1-removebg-preview.png","width":594,"height":420,"caption":"Durak Peinture"},"image":{"@id":"https:\/\/durak-peinture.fr\/#\/schema\/logo\/image\/"}}]}},"_links":{"self":[{"href":"https:\/\/durak-peinture.fr\/index.php\/wp-json\/wp\/v2\/pages\/197","targetHints":{"allow":["GET"]}}],"collection":[{"href":"https:\/\/durak-peinture.fr\/index.php\/wp-json\/wp\/v2\/pages"}],"about":[{"href":"https:\/\/durak-peinture.fr\/index.php\/wp-json\/wp\/v2\/types\/page"}],"author":[{"embeddable":true,"href":"https:\/\/durak-peinture.fr\/index.php\/wp-json\/wp\/v2\/users\/1"}],"replies":[{"embeddable":true,"href":"https:\/\/durak-peinture.fr\/index.php\/wp-json\/wp\/v2\/comments?post=197"}],"version-history":[{"count":10,"href":"https:\/\/durak-peinture.fr\/index.php\/wp-json\/wp\/v2\/pages\/197\/revisions"}],"predecessor-version":[{"id":215,"href":"https:\/\/durak-peinture.fr\/index.php\/wp-json\/wp\/v2\/pages\/197\/revisions\/215"}],"wp:attachment":[{"href":"https:\/\/durak-peinture.fr\/index.php\/wp-json\/wp\/v2\/media?parent=197"}],"curies":[{"name":"wp","href":"https:\/\/api.w.org\/{rel}","templated":true}]}}